{"id":4313,"date":"2020-03-31T12:09:02","date_gmt":"2020-03-31T12:09:02","guid":{"rendered":"https:\/\/yihr.me\/alb\/?page_id=4313"},"modified":"2020-04-28T14:34:52","modified_gmt":"2020-04-28T14:34:52","slug":"rinia-dhe-aktivizmi","status":"publish","type":"page","link":"https:\/\/yihr.me\/alb\/rinia-dhe-aktivizmi\/","title":{"rendered":"RINIA DHE AKTIVIZMI"},"content":{"rendered":"\n<div style=\"height:50px\" aria-hidden=\"true\" class=\"wp-block-spacer\"><\/div>\n\n\n\n<p>Nj\u00eb nga q\u00ebllimet kryesore t\u00eb Nism\u00ebs Rinore p\u00ebr t\u00eb Drejtat e Njeriut \u00ebsht\u00eb fuqizimi i t\u00eb rinjve p\u00ebr t\u00eb punuar p\u00ebr t\u00eb promovuar dhe mbrojtur t\u00eb drejtat e njeriut dhe parimet demokratike.<\/p>\n\n\n\n<p>T\u00eb rinjt\u00eb p\u00ebrfaq\u00ebsojn\u00eb nj\u00eb kategori t\u00eb r\u00ebnd\u00ebsishme t\u00eb shoq\u00ebris\u00eb, dhe varet nga ata q\u00eb t\u00eb marrin pjes\u00eb n\u00eb adresimin e \u00e7\u00ebshtjeve t\u00eb r\u00ebnd\u00ebsishme, si dhe t\u00eb marrin pjes\u00eb n\u00eb vendimmarrje n\u00eb nivelin lokal, por edhe t\u00eb shtetit, sepse ata jan\u00eb bart\u00ebsit e ardhsh\u00ebm t\u00eb ndryshimit.<\/p>\n\n\n\n<p>Aktivizmi i t\u00eb rinjve u sjell aft\u00ebsi dhe njohuri t\u00eb reja, por edhe kontakte q\u00eb mund t&#8217;i ndihmojn\u00eb ata p\u00ebr t\u00eb nd\u00ebrtuar karrier\u00ebn e tyre.<\/p>\n\n\n\n<p><br>Nisma p\u00ebrfshin t\u00eb rinjt\u00eb si grupe t\u00eb synuara p\u00ebrmes programeve t\u00eb tyre. Ne gjithashtu rrisim vet\u00ebdijen p\u00ebr r\u00ebnd\u00ebsin\u00eb e pjes\u00ebmarrjes s\u00eb tyre, si dhe informojm\u00eb t\u00eb rinjt\u00eb p\u00ebr pun\u00ebn e institucioneve dhe organizatave n\u00eb fushat e: pun\u00ebsimit, arsimit, vendimmarrjes, zhvillimit t\u00eb komunitetit dhe hartimit t\u00eb politikave, sh\u00ebndet\u00ebsis\u00eb, kultur\u00ebs dhe politik\u00ebs rinore; dhe sipas temave t\u00eb dh\u00ebna, shum\u00eb prej tyre ishin n\u00eb gjendje t\u00eb vizitojn\u00eb organizata t\u00eb ndryshme joqeveritare, organizata lokale si dhe institucione vendore, p\u00ebr t&#8217;u njohur me pun\u00ebn e tyre.<\/p>\n\n\n\n<p>Projektet rajonale q\u00eb ne b\u00ebjm\u00eb me zyrat e YIHR gjithashtu p\u00ebrfshijn\u00eb shk\u00ebmbimin e t\u00eb rinjve.<br><br><br><\/p>\n","protected":false},"excerpt":{"rendered":"<p>Nj\u00eb nga q\u00ebllimet kryesore t\u00eb Nism\u00ebs Rinore p\u00ebr t\u00eb Drejtat e Njeriut \u00ebsht\u00eb fuqizimi i t\u00eb rinjve p\u00ebr t\u00eb punuar p\u00ebr t\u00eb promovuar dhe mbrojtur t\u00eb drejtat e njeriut dhe parimet demokratike. T\u00eb rinjt\u00eb p\u00ebrfaq\u00ebsojn\u00eb nj\u00eb kategori t\u00eb r\u00ebnd\u00ebsishme t\u00eb shoq\u00ebris\u00eb, dhe varet nga ata q\u00eb t\u00eb marrin pjes\u00eb n\u00eb [&hellip;]<\/p>\n","protected":false},"author":1,"featured_media":0,"parent":0,"menu_order":0,"comment_status":"closed","ping_status":"closed","template":"","meta":{"footnotes":""},"class_list":["post-4313","page","type-page","status-publish","hentry"],"aioseo_notices":[],"_links":{"self":[{"href":"https:\/\/yihr.me\/alb\/wp-json\/wp\/v2\/pages\/4313","targetHints":{"allow":["GET"]}}],"collection":[{"href":"https:\/\/yihr.me\/alb\/wp-json\/wp\/v2\/pages"}],"about":[{"href":"https:\/\/yihr.me\/alb\/wp-json\/wp\/v2\/types\/page"}],"author":[{"embeddable":true,"href":"https:\/\/yihr.me\/alb\/wp-json\/wp\/v2\/users\/1"}],"replies":[{"embeddable":true,"href":"https:\/\/yihr.me\/alb\/wp-json\/wp\/v2\/comments?post=4313"}],"version-history":[{"count":0,"href":"https:\/\/yihr.me\/alb\/wp-json\/wp\/v2\/pages\/4313\/revisions"}],"wp:attachment":[{"href":"https:\/\/yihr.me\/alb\/wp-json\/wp\/v2\/media?parent=4313"}],"curies":[{"name":"wp","href":"https:\/\/api.w.org\/{rel}","templated":true}]}}